{"id":8329,"date":"2026-09-02T07:10:42","date_gmt":"2026-09-02T05:10:42","guid":{"rendered":"https:\/\/holisticanature.com\/?page_id=8329"},"modified":"2026-09-02T07:29:05","modified_gmt":"2026-09-02T05:29:05","slug":"geojornadas","status":"publish","type":"page","link":"https:\/\/holisticanature.com\/en\/geojornadas","title":{"rendered":"1st Conference on Geotourism in the South-West of the Iberian Peninsula"},"content":{"rendered":"<div class=\"wpb-content-wrapper\" id=\"wpb-content-root\"><div data-vc-full-width=\"true\" data-vc-full-width-temp=\"true\" data-vc-full-width-init=\"false\" data-vc-stretch-content=\"true\" class=\"vc_row wpb_row vc_row-fluid vc_custom_1781677337385 vc_row-has-fill vc_row-no-padding\"><div class=\"wpb_column vc_column_container vc_col-sm-2\"><div class=\"vc_column-inner\"><div class=\"wpb_wrapper\"><\/div><\/div><\/div><div class=\"wpb_column vc_column_container vc_col-sm-8\"><div class=\"vc_column-inner\"><div class=\"wpb_wrapper\"><div class=\"vc_empty_space\"   style=\"height: 30px\"><span class=\"vc_empty_space_inner\"><\/span><\/div><h1 style=\"font-size: 45px;color: #F4F1E8;text-align: center\" class=\"vc_custom_heading vc_do_custom_heading\" >1st Conference on Geotourism in the South-West of the Iberian Peninsula<\/h1><div class=\"vc_btn3-container vc_btn3-center vc_do_btn\" ><a onmouseleave=\"this.style.borderColor='#F4F1E8'; this.style.backgroundColor='transparent'; this.style.color='#F4F1E8'\" onmouseenter=\"this.style.borderColor='#F4F1E8'; this.style.backgroundColor='#F4F1E8'; this.style.color='#2F4734';\" style=\"border-color:#F4F1E8; color:#F4F1E8;\" class=\"vc_general vc_btn3 vc_btn3-size-lg vc_btn3-shape-rounded vc_btn3-style-outline-custom\" href=\"https:\/\/holisticanature.com\/en\/best-practices-in-the-sierra-de-aracena\/\" title=\"\" target=\"_blank\">Please read our best practice guidelines for visiting the Nature Reserve beforehand.<\/a><\/div><div class=\"vc_empty_space\"   style=\"height: 10px\"><span class=\"vc_empty_space_inner\"><\/span><\/div><h4 style=\"font-size: 25px;color: #EBE9E1;text-align: center;font-family:Archivo Narrow;font-weight:400;font-style:normal\" class=\"vc_custom_heading vc_do_custom_heading\" >Actividades gratuitas en el marco del Proyecto Ge\u00f3latra de Hol\u00edstica Nature. Imprescindible reserva previa<\/h4><div class=\"vc_empty_space\"   style=\"height: 10px\"><span class=\"vc_empty_space_inner\"><\/span><\/div><div class=\"vc_empty_space\"   style=\"height: 15px\"><span class=\"vc_empty_space_inner\"><\/span><\/div><\/div><\/div><\/div><div class=\"wpb_column vc_column_container vc_col-sm-2\"><div class=\"vc_column-inner\"><div class=\"wpb_wrapper\"><\/div><\/div><\/div><\/div><div class=\"vc_row-full-width vc_clearfix\"><\/div><div class=\"vc_row wpb_row vc_row-fluid\"><div class=\"wpb_column vc_column_container vc_col-sm-6\"><div class=\"vc_column-inner\"><div class=\"wpb_wrapper\"><div class=\"vc_empty_space\"   style=\"height: 40px\"><span class=\"vc_empty_space_inner\"><\/span><\/div>\n\t<div class=\"wpb_raw_code wpb_raw_html wpb_content_element\" >\n\t\t<div class=\"wpb_wrapper\">\n\t\t\t<script>\n  if (typeof hasAmeliaEvent === 'undefined') {\n    var hasAmeliaEvent = true;\n  }\n  if (typeof hasEventApiCall === 'undefined' && ('' === '' && '' !== '1')) {\n    var hasEventApiCall = true;\n  }\n  var hasEventShortcode = (typeof hasEventShortcode === 'undefined') ? false : true;\n  var ameliaShortcodeData = (typeof ameliaShortcodeData === 'undefined') ? [] : ameliaShortcodeData;\n  ameliaShortcodeData.push(\n    {\n      'hasApiCall': (typeof hasEventApiCall !== 'undefined') && hasEventApiCall,\n      'trigger': '',\n      'trigger_type': '',\n      'triggered_form': 'elf',\n      'in_dialog': '',\n      'counter': '1000',\n      'employee': '',\n      'eventId': '',\n      'eventRecurring': 0,\n      'eventTag': \"{Geoturismo}\",\n      'locationId': \"\"\n    }\n  );\n  var ameliaShortcodeDataTriggered = (typeof ameliaShortcodeDataTriggered === 'undefined') ? [] : ameliaShortcodeDataTriggered;\n  if (ameliaShortcodeData[ameliaShortcodeData.length - 1].trigger !== '') {\n    if (ameliaShortcodeDataTriggered.filter(a => a.counter === ameliaShortcodeData[ameliaShortcodeData.length - 1].counter).length === 0) {\n      ameliaShortcodeDataTriggered.push(ameliaShortcodeData.pop());\n    } else {\n      ameliaShortcodeData.pop()\n    }\n  }\n  if (typeof hasEventApiCall !== 'undefined' && hasEventApiCall) {\n    hasEventApiCall = false;\n  }\n<\/script>\n\n<div\n  id=\"amelia-v2-booking-1000\"\n  class=\"amelia-v2-booking\"\n>\n    <events-list-form-wrapper><\/div>\n\n\n\t\t<\/div>\n\t<\/div>\n<\/div><\/div><\/div><div class=\"wpb_column vc_column_container vc_col-sm-6\"><div class=\"vc_column-inner\"><div class=\"wpb_wrapper\">\n\t<div  class=\"wpb_single_image wpb_content_element vc_align_center wpb_content_element\">\n\t\t\n\t\t<figure class=\"wpb_wrapper vc_figure\">\n\t\t\t\n<a\n\thref=\"https:\/\/geolatra.com\/\"\n\t\t\tclass=\"vc_single_image-wrapper\"\n\t\t\t\ttarget=\"_blank\"\n\t\t\t\ttitle=\"Geo endorsement trans\"\n\t>\n\t<img loading=\"lazy\" decoding=\"async\" width=\"300\" height=\"300\" src=\"https:\/\/holisticanature.com\/wp-content\/uploads\/2026\/06\/Geo-endoso-trans-300x300.png\" class=\"vc_single_image-img attachment-medium\" alt=\"\" title=\"Geo endorsement trans\" \/><\/a>\n\n\t\t<\/figure>\n\t<\/div>\n\n\t<div class=\"wpb_text_column wpb_content_element\" >\n\t\t<div class=\"wpb_wrapper\">\n\t\t\t<p style=\"text-align: center;\">Ge\u00f3latra is our initiative focused on interpreting the territory, where we combine science, landscape and experience to explore the relationship between humans and nature through experiences in the Sierra de Aracena and Picos de Aroche. It forms part of Hol\u00edstica Nature's ecosystem of projects.<\/p>\n\n\t\t<\/div>\n\t<\/div>\n<div class=\"vc_empty_space\"   style=\"height: 10px\"><span class=\"vc_empty_space_inner\"><\/span><\/div><div class=\"vc_row wpb_row vc_inner vc_row-fluid\"><div class=\"wpb_column vc_column_container vc_col-sm-6\"><div class=\"vc_column-inner\"><div class=\"wpb_wrapper\"><div class=\"vc_empty_space\"   style=\"height: 20px\"><span class=\"vc_empty_space_inner\"><\/span><\/div><div class=\"vc_btn3-container vc_btn3-center vc_do_btn\" ><a onmouseleave=\"this.style.borderColor='#6A783E'; this.style.backgroundColor='transparent'; this.style.color='#6A783E'\" onmouseenter=\"this.style.borderColor='#6A783E'; this.style.backgroundColor='#6A783E'; this.style.color='#fff';\" style=\"border-color:#6A783E; color:#6A783E;\" class=\"vc_general vc_btn3 vc_btn3-size-lg vc_btn3-shape-rounded vc_btn3-style-outline-custom\" href=\"https:\/\/geolatra.com\/\" title=\"\" target=\"_blank\">Discover Ge\u00f3latra<\/a><\/div><div class=\"vc_empty_space\"   style=\"height: 30px\"><span class=\"vc_empty_space_inner\"><\/span><\/div><\/div><\/div><\/div><div class=\"wpb_column vc_column_container vc_col-sm-6\"><div class=\"vc_column-inner\"><div class=\"wpb_wrapper\"><div class=\"vc_empty_space\"   style=\"height: 20px\"><span class=\"vc_empty_space_inner\"><\/span><\/div><div class=\"vc_btn3-container vc_btn3-center vc_do_btn\" ><a onmouseleave=\"this.style.borderColor='#6A783E'; this.style.backgroundColor='transparent'; this.style.color='#6A783E'\" onmouseenter=\"this.style.borderColor='#6A783E'; this.style.backgroundColor='#6A783E'; this.style.color='#fff';\" style=\"border-color:#6A783E; color:#6A783E;\" class=\"vc_general vc_btn3 vc_btn3-size-lg vc_btn3-shape-rounded vc_btn3-style-outline-custom\" href=\"https:\/\/whatsapp.com\/channel\/0029Vb7DGmE9hXF7XUch8B2g\" title=\"\" target=\"_blank\">Join the WhatsApp Channel<\/a><\/div><div class=\"vc_empty_space\"   style=\"height: 30px\"><span class=\"vc_empty_space_inner\"><\/span><\/div><\/div><\/div><\/div><\/div><\/div><\/div><\/div><\/div><div class=\"vc_row wpb_row vc_row-fluid\"><div class=\"wpb_column vc_column_container vc_col-sm-2\"><div class=\"vc_column-inner\"><div class=\"wpb_wrapper\"><\/div><\/div><\/div><div class=\"wpb_column vc_column_container vc_col-sm-8\"><div class=\"vc_column-inner\"><div class=\"wpb_wrapper\"><div class=\"vc_empty_space\"   style=\"height: 30px\"><span class=\"vc_empty_space_inner\"><\/span><\/div><\/div><\/div><\/div><div class=\"wpb_column vc_column_container vc_col-sm-2\"><div class=\"vc_column-inner\"><div class=\"wpb_wrapper\"><\/div><\/div><\/div><\/div>\n<\/div>","protected":false},"excerpt":{"rendered":"I Jornadas de Geoturismo del Suroeste Ib\u00e9ricoLee antes nuestras buenas pr\u00e1cticas para la visita al Parque Natural.Actividades gratuitas en el marco del Proyecto Ge\u00f3latra de Hol\u00edstica Nature. Imprescindible reserva previa Ge\u00f3latra es nuestra iniciativa centrada en la interpretaci\u00f3n del territorio, donde integramos ciencia, paisaje y experiencia para profundizar en la relaci\u00f3n entre el ser humano [...]","protected":false},"author":1,"featured_media":0,"parent":0,"menu_order":0,"comment_status":"closed","ping_status":"closed","template":"","meta":{"footnotes":""},"class_list":["post-8329","page","type-page","status-publish","hentry"],"yoast_head":"<!-- This site is optimized with the Yoast SEO plugin v28.3 - https:\/\/yoast.com\/product\/yoast-seo-wordpress\/ -->\n<title>I Jornadas de Geoturismo del Suroeste Ib\u00e9rico<\/title>\n<meta name=\"description\" content=\"Charla &quot;Humanizar las Ciencias de la Tierra&quot; y GeoRuta gratuitas en la Sierra de Aracena y Picos de Aroche bajo el Proyecto Ge\u00f3latra\" \/>\n<meta name=\"robots\" content=\"index, follow, max-snippet:-1, max-image-preview:large, max-video-preview:-1\" \/>\n<link rel=\"canonical\" href=\"https:\/\/holisticanature.com\/en\/geojornadas\/\" \/>\n<meta property=\"og:locale\" content=\"en_GB\" \/>\n<meta property=\"og:type\" content=\"article\" \/>\n<meta property=\"og:title\" content=\"I Jornadas de Geoturismo del Suroeste Ib\u00e9rico\" \/>\n<meta property=\"og:description\" content=\"Charla &quot;Humanizar las Ciencias de la Tierra&quot; y GeoRuta gratuitas en la Sierra de Aracena y Picos de Aroche bajo el Proyecto Ge\u00f3latra\" \/>\n<meta property=\"og:url\" content=\"https:\/\/holisticanature.com\/en\/geojornadas\/\" \/>\n<meta property=\"og:site_name\" content=\"Hol\u00edstica Nature\" \/>\n<meta property=\"article:publisher\" content=\"https:\/\/www.facebook.com\/holisticanature\" \/>\n<meta property=\"article:modified_time\" content=\"2026-09-02T05:29:05+00:00\" \/>\n<meta property=\"og:image\" content=\"https:\/\/holisticanature.com\/wp-content\/uploads\/2024\/05\/fondomandala-e1752083084300.png\" \/>\n\t<meta property=\"og:image:width\" content=\"787\" \/>\n\t<meta property=\"og:image:height\" content=\"443\" \/>\n\t<meta property=\"og:image:type\" content=\"image\/png\" \/>\n<meta name=\"twitter:card\" content=\"summary_large_image\" \/>\n<meta name=\"twitter:label1\" content=\"Estimated reading time\" \/>\n\t<meta name=\"twitter:data1\" content=\"1 minute\" \/>\n<script type=\"application\/ld+json\" class=\"yoast-schema-graph\">{\"@context\":\"https:\\\/\\\/schema.org\",\"@graph\":[{\"@type\":\"WebPage\",\"@id\":\"https:\\\/\\\/holisticanature.com\\\/geojornadas\",\"url\":\"https:\\\/\\\/holisticanature.com\\\/geojornadas\",\"name\":\"I Jornadas de Geoturismo del Suroeste Ib\u00e9rico\",\"isPartOf\":{\"@id\":\"https:\\\/\\\/holisticanature.com\\\/#website\"},\"datePublished\":\"2026-09-02T05:10:42+00:00\",\"dateModified\":\"2026-09-02T05:29:05+00:00\",\"description\":\"Charla \\\"Humanizar las Ciencias de la Tierra\\\" y GeoRuta gratuitas en la Sierra de Aracena y Picos de Aroche bajo el Proyecto Ge\u00f3latra\",\"breadcrumb\":{\"@id\":\"https:\\\/\\\/holisticanature.com\\\/geojornadas#breadcrumb\"},\"inLanguage\":\"en-GB\",\"potentialAction\":[{\"@type\":\"ReadAction\",\"target\":[\"https:\\\/\\\/holisticanature.com\\\/geojornadas\"]}]},{\"@type\":\"BreadcrumbList\",\"@id\":\"https:\\\/\\\/holisticanature.com\\\/geojornadas#breadcrumb\",\"itemListElement\":[{\"@type\":\"ListItem\",\"position\":1,\"name\":\"Portada\",\"item\":\"https:\\\/\\\/holisticanature.com\\\/\"},{\"@type\":\"ListItem\",\"position\":2,\"name\":\"I Jornadas de Geoturismo del Suroeste Ib\u00e9rico\"}]},{\"@type\":\"WebSite\",\"@id\":\"https:\\\/\\\/holisticanature.com\\\/#website\",\"url\":\"https:\\\/\\\/holisticanature.com\\\/\",\"name\":\"Holistica Nature\",\"description\":\"Ecolog\u00eda humana para reconectar con la naturaleza\",\"publisher\":{\"@id\":\"https:\\\/\\\/holisticanature.com\\\/#organization\"},\"potentialAction\":[{\"@type\":\"SearchAction\",\"target\":{\"@type\":\"EntryPoint\",\"urlTemplate\":\"https:\\\/\\\/holisticanature.com\\\/?s={search_term_string}\"},\"query-input\":{\"@type\":\"PropertyValueSpecification\",\"valueRequired\":true,\"valueName\":\"search_term_string\"}}],\"inLanguage\":\"en-GB\"},{\"@type\":\"Organization\",\"@id\":\"https:\\\/\\\/holisticanature.com\\\/#organization\",\"name\":\"Holistica Nature, Ecoturismo, Formaci\u00f3n y Bienestar SL\",\"url\":\"https:\\\/\\\/holisticanature.com\\\/\",\"logo\":{\"@type\":\"ImageObject\",\"inLanguage\":\"en-GB\",\"@id\":\"https:\\\/\\\/holisticanature.com\\\/#\\\/schema\\\/logo\\\/image\\\/\",\"url\":\"https:\\\/\\\/holisticanature.com\\\/wp-content\\\/uploads\\\/2026\\\/05\\\/cropped-HN-color-trans-scaled-1.png\",\"contentUrl\":\"https:\\\/\\\/holisticanature.com\\\/wp-content\\\/uploads\\\/2026\\\/05\\\/cropped-HN-color-trans-scaled-1.png\",\"width\":512,\"height\":512,\"caption\":\"Holistica Nature, Ecoturismo, Formaci\u00f3n y Bienestar SL\"},\"image\":{\"@id\":\"https:\\\/\\\/holisticanature.com\\\/#\\\/schema\\\/logo\\\/image\\\/\"},\"sameAs\":[\"https:\\\/\\\/www.facebook.com\\\/holisticanature\",\"https:\\\/\\\/www.instagram.com\\\/holisticanature\",\"https:\\\/\\\/t.me\\\/helenaholistica\",\"https:\\\/\\\/www.youtube.com\\\/@HolisticaNature\"]}]}<\/script>\n<!-- \/ Yoast SEO plugin. -->","yoast_head_json":{"title":"1st Conference on Geotourism in the South-West of the Iberian Peninsula","description":"Charla \"Humanizar las Ciencias de la Tierra\" y GeoRuta gratuitas en la Sierra de Aracena y Picos de Aroche bajo el Proyecto Ge\u00f3latra","robots":{"index":"index","follow":"follow","max-snippet":"max-snippet:-1","max-image-preview":"max-image-preview:large","max-video-preview":"max-video-preview:-1"},"canonical":"https:\/\/holisticanature.com\/en\/geojornadas\/","og_locale":"en_GB","og_type":"article","og_title":"I Jornadas de Geoturismo del Suroeste Ib\u00e9rico","og_description":"Charla \"Humanizar las Ciencias de la Tierra\" y GeoRuta gratuitas en la Sierra de Aracena y Picos de Aroche bajo el Proyecto Ge\u00f3latra","og_url":"https:\/\/holisticanature.com\/en\/geojornadas\/","og_site_name":"Hol\u00edstica Nature","article_publisher":"https:\/\/www.facebook.com\/holisticanature","article_modified_time":"2026-09-02T05:29:05+00:00","og_image":[{"width":787,"height":443,"url":"https:\/\/holisticanature.com\/wp-content\/uploads\/2024\/05\/fondomandala-e1752083084300.png","type":"image\/png"}],"twitter_card":"summary_large_image","twitter_misc":{"Estimated reading time":"1 minute"},"schema":{"@context":"https:\/\/schema.org","@graph":[{"@type":"WebPage","@id":"https:\/\/holisticanature.com\/geojornadas","url":"https:\/\/holisticanature.com\/geojornadas","name":"1st Conference on Geotourism in the South-West of the Iberian Peninsula","isPartOf":{"@id":"https:\/\/holisticanature.com\/#website"},"datePublished":"2026-09-02T05:10:42+00:00","dateModified":"2026-09-02T05:29:05+00:00","description":"Charla \"Humanizar las Ciencias de la Tierra\" y GeoRuta gratuitas en la Sierra de Aracena y Picos de Aroche bajo el Proyecto Ge\u00f3latra","breadcrumb":{"@id":"https:\/\/holisticanature.com\/geojornadas#breadcrumb"},"inLanguage":"en-GB","potentialAction":[{"@type":"ReadAction","target":["https:\/\/holisticanature.com\/geojornadas"]}]},{"@type":"BreadcrumbList","@id":"https:\/\/holisticanature.com\/geojornadas#breadcrumb","itemListElement":[{"@type":"ListItem","position":1,"name":"Portada","item":"https:\/\/holisticanature.com\/"},{"@type":"ListItem","position":2,"name":"I Jornadas de Geoturismo del Suroeste Ib\u00e9rico"}]},{"@type":"WebSite","@id":"https:\/\/holisticanature.com\/#website","url":"https:\/\/holisticanature.com\/","name":"Holistica Nature","description":"Human ecology: reconnecting with nature","publisher":{"@id":"https:\/\/holisticanature.com\/#organization"},"potentialAction":[{"@type":"SearchAction","target":{"@type":"EntryPoint","urlTemplate":"https:\/\/holisticanature.com\/?s={search_term_string}"},"query-input":{"@type":"PropertyValueSpecification","valueRequired":true,"valueName":"search_term_string"}}],"inLanguage":"en-GB"},{"@type":"Organization","@id":"https:\/\/holisticanature.com\/#organization","name":"Holistica Nature, Ecotourism, Training and Wellbeing SL","url":"https:\/\/holisticanature.com\/","logo":{"@type":"ImageObject","inLanguage":"en-GB","@id":"https:\/\/holisticanature.com\/#\/schema\/logo\/image\/","url":"https:\/\/holisticanature.com\/wp-content\/uploads\/2026\/05\/cropped-HN-color-trans-scaled-1.png","contentUrl":"https:\/\/holisticanature.com\/wp-content\/uploads\/2026\/05\/cropped-HN-color-trans-scaled-1.png","width":512,"height":512,"caption":"Holistica Nature, Ecoturismo, Formaci\u00f3n y Bienestar SL"},"image":{"@id":"https:\/\/holisticanature.com\/#\/schema\/logo\/image\/"},"sameAs":["https:\/\/www.facebook.com\/holisticanature","https:\/\/www.instagram.com\/holisticanature","https:\/\/t.me\/helenaholistica","https:\/\/www.youtube.com\/@HolisticaNature"]}]}},"_links":{"self":[{"href":"https:\/\/holisticanature.com\/en\/wp-json\/wp\/v2\/pages\/8329","targetHints":{"allow":["GET"]}}],"collection":[{"href":"https:\/\/holisticanature.com\/en\/wp-json\/wp\/v2\/pages"}],"about":[{"href":"https:\/\/holisticanature.com\/en\/wp-json\/wp\/v2\/types\/page"}],"author":[{"embeddable":true,"href":"https:\/\/holisticanature.com\/en\/wp-json\/wp\/v2\/users\/1"}],"replies":[{"embeddable":true,"href":"https:\/\/holisticanature.com\/en\/wp-json\/wp\/v2\/comments?post=8329"}],"version-history":[{"count":10,"href":"https:\/\/holisticanature.com\/en\/wp-json\/wp\/v2\/pages\/8329\/revisions"}],"predecessor-version":[{"id":8334,"href":"https:\/\/holisticanature.com\/en\/wp-json\/wp\/v2\/pages\/8329\/revisions\/8334"}],"wp:attachment":[{"href":"https:\/\/holisticanature.com\/en\/wp-json\/wp\/v2\/media?parent=8329"}],"curies":[{"name":"wp","href":"https:\/\/api.w.org\/{rel}","templated":true}]}}